{"id":6873,"date":"2025-12-18T13:38:50","date_gmt":"2025-12-18T13:38:50","guid":{"rendered":"https:\/\/nisrentacar.rs\/de\/?page_id=6873"},"modified":"2026-04-28T10:23:08","modified_gmt":"2026-04-28T10:23:08","slug":"kontakt","status":"publish","type":"page","link":"https:\/\/nisrentacar.rs\/de\/kontakt\/","title":{"rendered":"Kontakt"},"content":{"rendered":"\n<section class=\"wp-block-uicore-container uicore-block-5zet3ychqf nsrntc-hero\"><\/section>\n\n\n\n<section class=\"wp-block-uicore-container uicore-block-z7ymxwfikf nsrntc-hero\">\n<div class=\"wp-block-uicore-container uicore-block-0f0x0q0v8n\">\n<h1 class=\"wp-block-uicore-heading uicore-block-66vlqesrrd uicore-bl-title uicore-bl-content\">Kontaktieren Sie uns<\/h1>\n<\/div>\n<\/section>\n\n\n\n<section class=\"wp-block-uicore-container uicore-block-0z3v2zq3k9\"><div class=\"uicore-bl-container\">\n<div class=\"wp-block-uicore-container uicore-block-8r9qg7y0xv\">\n<div class=\"wp-block-uicore-container uicore-block-d9qj0zqz8a\">\n<h3 class=\"wp-block-uicore-heading uicore-block-z8xj0t1u1g uicore-bl-title uicore-bl-content\">Wir sind f\u00fcr alle Ihre Fragen da!<\/h3>\n\n\n\n<div class=\"wp-block-uicore-container uicore-block-b7636ez1ld\">\n<h4 class=\"wp-block-uicore-heading uicore-block-8kpsaphjhy uicore-bl-title uicore-bl-content\">Telefon:<\/h4>\n\n\n\n<p class=\"wp-block-uicore-paragraph uicore-block-l8zp2lr3mz uicore-bl-content\"><a href=\"tel:0123456789\">(+381) 064 430 62 69<\/a><\/p>\n\n\n\n<h4 class=\"wp-block-uicore-heading uicore-block-1prcekv51p uicore-bl-title uicore-bl-content\">E-Mail-Adresse:<\/h4>\n\n\n\n<p class=\"wp-block-uicore-paragraph uicore-block-6agetw1plt uicore-bl-content\"><a href=\"mailto:info@undro.com\">info@nisrentacar.rs<\/a><\/p>\n\n\n\n<h4 class=\"wp-block-uicore-heading uicore-block-xltsclckgq uicore-bl-title uicore-bl-content\">Adresse:<\/h4>\n\n\n\n<p class=\"wp-block-uicore-paragraph uicore-block-j5114aecpa uicore-bl-content\"><a href=\"https:\/\/www.google.com\/maps\/place\/InexLux+-+Rent+a+Car+Ni%C5%A1\/@43.3194219,21.8945277,1725m\/data=!3m1!1e3!4m10!1m2!2m1!1sinex+lux+rent+a+car!3m6!1s0x4755b0b0a0250dd9:0x566770fa430fc709!8m2!3d43.3178563!4d21.9009421!15sChNpbmV4IGx1eCByZW50IGEgY2FyWhUiE2luZXggbHV4IHJlbnQgYSBjYXKSARFjYXJfcmVudGFsX2FnZW5jeZoBRENpOURRVWxSUVVOdlpFTm9kSGxqUmpsdlQydDRlbFZVUmxwTVZrbDBUV3BLTmxkVWFGbFVNWEF3VjBob2VWSnJSUkFC4AEA-gEFCIgBEDo!16s%2Fg%2F11clvfbns3?entry=ttu&amp;g_ep=EgoyMDI2MDIwOC4wIKXMDSoASAFQAw%3D%3D\" target=\"_blank\" rel=\"noreferrer noopener\">Cara Du\u0161ana 59a, 18000 Ni\u0161, Srbija<\/a><\/p>\n\n\n\n<p class=\"wp-block-uicore-paragraph uicore-block-vpjsiyi32z uicore-bl-content\"><a href=\"https:\/\/www.google.com\/maps\/place\/Me%C4%91unarodni+aerodrom+Nikola+Tesla+Beograd\/data=!4m2!3m1!1s0x0:0xc3184c4bc7f300f9?sa=X&amp;ved=1t:2428&amp;ictx=111\" target=\"_blank\" rel=\"noreferrer noopener\">Flughafen Belgrad Nikola Tesla<\/a><\/p>\n\n\n\n<p class=\"wp-block-uicore-paragraph uicore-block-u50hor1ysx uicore-bl-content\"><a href=\"https:\/\/www.google.com\/maps\/place\/Aerodrom+Konstantin+Veliki+Ni%C5%A1\/data=!4m2!3m1!1s0x0:0xeb4389f68465eb47?sa=X&amp;ved=1t:2428&amp;ictx=111\" target=\"_blank\" rel=\"noreferrer noopener\">Flughafen Konstantin Veliki Ni\u0161<\/a><\/p>\n\n\n\n<h4 class=\"wp-block-uicore-heading uicore-block-0tag0e4b9b uicore-bl-title uicore-bl-content\">Firmeninformationen:<\/h4>\n\n\n\n<p class=\"wp-block-uicore-paragraph uicore-block-tz24czhi6y uicore-bl-content\"><strong>Steuernummer: <\/strong>103194796<\/p>\n\n\n\n<p class=\"wp-block-uicore-paragraph uicore-block-hkif2cnw4n uicore-bl-content\"><strong>Registrierungsnummer: <\/strong>56325336<\/p>\n<\/div>\n<\/div>\n\n\n\n<div class=\"wp-block-uicore-container uicore-block-fx1b57ptjr\">\n<h3 class=\"wp-block-uicore-heading uicore-block-x70z2ckv0y uicore-bl-title uicore-bl-content\">F\u00fcllen Sie das Formular aus<\/h3>\n\n\n\n<form class=\"wp-block-uicore-a-form uicore-block-upjjuqnmc7\" data-form-page=\"6873\">\n<div class=\"wp-block-uicore-container uicore-block-2ctt6f37fb\">\n<div class=\"wp-block-uicore-form-field uicore-block-95u464e5pi\" data-validate-required=\"false\">\n<label class=\"wp-block-uicore-label uicore-block-bapetej1g1 uicore-bl-content\">Vor- und Nachname<\/label>\n\n\n\n<input class=\"wp-block-uicore-input uicore-block-2l48gkzmhv\" name=\"firstName\" type=\"text\" placeholder=\"Petar Petrovi\u0107\"\/>\n<\/div>\n\n\n\n<div class=\"wp-block-uicore-form-field uicore-block-24l5wdkkll\" data-validate-required=\"false\">\n<label class=\"wp-block-uicore-label uicore-block-losx9mik40 uicore-bl-content\">Telefon<\/label>\n\n\n\n<input class=\"wp-block-uicore-input uicore-block-jzgxyxci8h\" name=\"\" type=\"tel\" placeholder=\"+ (381) 64 430 6269\"\/>\n<\/div>\n<\/div>\n\n\n\n<div class=\"wp-block-uicore-form-field uicore-block-1uuvh7q1ue\" data-validate-required=\"false\" data-validate-email=\"true\">\n<label class=\"wp-block-uicore-label uicore-block-ka7rs3eqik uicore-bl-content\">E-Mail-Adresse<\/label>\n\n\n\n<input class=\"wp-block-uicore-input uicore-block-rxg5soce1f\" name=\"email\" type=\"email\" placeholder=\"primer@gmail.com\"\/>\n<span class=\"uicore-bl-error\" style=\"display:none\" data-validate=\"email\">Please provide a valid email<\/span><\/div>\n\n\n\n<div class=\"wp-block-uicore-form-field uicore-block-vbrs8y4br6\" data-validate-required=\"false\">\n<label class=\"wp-block-uicore-label uicore-block-73swzr13w7 uicore-bl-content\">Eine Frage<\/label>\n\n\n\n<textarea class=\"wp-block-uicore-input uicore-block-zx4u7xgg8t\" name=\"message\" placeholder=\"Frage \/ Nachricht f\u00fcr nisrentacar.rs\" rows=\"4\"><\/textarea>\n<\/div>\n\n\n\n<div class=\"wp-block-uicore-button uicore-block-ojn0je58e2\"><button class=\"uicore-bl-wrp wp-element-button\" type=\"submit\"><span class=\"uicore-bl-text\">Senden Sie eine Anfrage<\/span><\/button><\/div>\n<\/form>\n<\/div>\n<\/div>\n<\/div><\/section>\n\n\n\n<section class=\"wp-block-uicore-container uicore-block-t45h3botdh\"><div class=\"uicore-bl-container\">\n<div class=\"wp-block-uicore-container uicore-block-fap0074hoh\">\n<h2 class=\"wp-block-uicore-heading uicore-block-ikba2hzhqs uicore-bl-title uicore-bl-content\">Unsere Standorte<\/h2>\n\n\n\n<p class=\"wp-block-uicore-paragraph uicore-block-lwal86cgt8 uicore-bl-content\">Wir sind an drei Standorten vertreten: in der Cara Du\u0161ana Stra\u00dfe 59a, in der Lobby des Flughafens Ni\u0161 \u201eKonstantin Veliki\u201c sowie am Flughafen Belgrad \u201eNikola Tesla\u201c oder an einem Ort Ihrer Wahl.<\/p>\n<\/div>\n\n\n\n<div class=\"wp-block-uicore-grid-team-card uicore-block-dix0jw44ye\"><div class=\"uicore-bl-block wp-block-uicore-card uicore-bl-inner-item\" data-bl-id=\"bgkwp\"><div class=\"uicore-bl-block wp-block-uicore-image uicore-bl-img\"><img loading=\"lazy\" decoding=\"async\" width=\"1600\" height=\"1200\" class=\"wp-image-7615\" alt=\"\" src=\"https:\/\/nisrentacar.rs\/de\/wp-content\/uploads\/2026\/03\/IMG_5103.jpeg\" data-bl-image=\"7615\" srcset=\"https:\/\/nisrentacar.rs\/de\/wp-content\/uploads\/sites\/4\/2026\/03\/IMG_5103.jpeg 1600w, https:\/\/nisrentacar.rs\/de\/wp-content\/uploads\/sites\/4\/2026\/03\/IMG_5103-300x225.jpeg 300w, https:\/\/nisrentacar.rs\/de\/wp-content\/uploads\/sites\/4\/2026\/03\/IMG_5103-1024x768.jpeg 1024w, https:\/\/nisrentacar.rs\/de\/wp-content\/uploads\/sites\/4\/2026\/03\/IMG_5103-768x576.jpeg 768w, https:\/\/nisrentacar.rs\/de\/wp-content\/uploads\/sites\/4\/2026\/03\/IMG_5103-1536x1152.jpeg 1536w, https:\/\/nisrentacar.rs\/de\/wp-content\/uploads\/sites\/4\/2026\/03\/IMG_5103-650x488.jpeg 650w\" sizes=\"auto, (max-width: 1600px) 100vw, 1600px\" \/><\/div><div class=\"uicore-bl-block wp-block-uicore-wrapper\"><h5 class=\"uicore-bl-block wp-block-uicore-card-title uicore-bl-title uicore-bl-content\">Hauptsitz &#8211; InexLux<\/h5><p class=\"uicore-bl-block wp-block-uicore-card-info uicore-bl-content\">Cara Du\u0161ana 59a, Ni\u0161<\/p><\/div><\/div><div class=\"uicore-bl-block wp-block-uicore-card uicore-bl-inner-item\" data-bl-id=\"erbbb\"><div class=\"uicore-bl-block wp-block-uicore-image uicore-bl-img\"><img loading=\"lazy\" decoding=\"async\" width=\"1206\" height=\"1723\" class=\"wp-image-7702\" alt=\"\" src=\"https:\/\/nisrentacar.rs\/de\/wp-content\/uploads\/sites\/4\/2026\/03\/IMG_3422.jpg\" data-bl-image=\"7702\" srcset=\"https:\/\/nisrentacar.rs\/de\/wp-content\/uploads\/sites\/4\/2026\/03\/IMG_3422.jpg 1206w, https:\/\/nisrentacar.rs\/de\/wp-content\/uploads\/sites\/4\/2026\/03\/IMG_3422-210x300.jpg 210w, https:\/\/nisrentacar.rs\/de\/wp-content\/uploads\/sites\/4\/2026\/03\/IMG_3422-717x1024.jpg 717w, https:\/\/nisrentacar.rs\/de\/wp-content\/uploads\/sites\/4\/2026\/03\/IMG_3422-768x1097.jpg 768w, https:\/\/nisrentacar.rs\/de\/wp-content\/uploads\/sites\/4\/2026\/03\/IMG_3422-1075x1536.jpg 1075w, https:\/\/nisrentacar.rs\/de\/wp-content\/uploads\/sites\/4\/2026\/03\/IMG_3422-455x650.jpg 455w\" sizes=\"auto, (max-width: 1206px) 100vw, 1206px\" \/><\/div><div class=\"uicore-bl-block wp-block-uicore-wrapper\"><h5 class=\"uicore-bl-block wp-block-uicore-card-title uicore-bl-title uicore-bl-content\">Flughafen Konstantin der Gro\u00dfe<\/h5><p class=\"uicore-bl-block wp-block-uicore-card-info uicore-bl-content\">Halle des Flughafens Ni\u0161 \u201eKonstantin der Gro\u00dfe\u201c<\/p><\/div><\/div><div class=\"uicore-bl-block wp-block-uicore-card uicore-bl-inner-item\" data-bl-id=\"4cbjq\"><div class=\"uicore-bl-block wp-block-uicore-image uicore-bl-img\"><img loading=\"lazy\" decoding=\"async\" width=\"1600\" height=\"1200\" class=\"wp-image-7709\" alt=\"\" src=\"https:\/\/nisrentacar.rs\/de\/wp-content\/uploads\/sites\/4\/2026\/03\/IMG_4617.jpeg\" data-bl-image=\"7709\" srcset=\"https:\/\/nisrentacar.rs\/de\/wp-content\/uploads\/sites\/4\/2026\/03\/IMG_4617.jpeg 1600w, https:\/\/nisrentacar.rs\/de\/wp-content\/uploads\/sites\/4\/2026\/03\/IMG_4617-300x225.jpeg 300w, https:\/\/nisrentacar.rs\/de\/wp-content\/uploads\/sites\/4\/2026\/03\/IMG_4617-1024x768.jpeg 1024w, https:\/\/nisrentacar.rs\/de\/wp-content\/uploads\/sites\/4\/2026\/03\/IMG_4617-768x576.jpeg 768w, https:\/\/nisrentacar.rs\/de\/wp-content\/uploads\/sites\/4\/2026\/03\/IMG_4617-1536x1152.jpeg 1536w, https:\/\/nisrentacar.rs\/de\/wp-content\/uploads\/sites\/4\/2026\/03\/IMG_4617-650x488.jpeg 650w\" sizes=\"auto, (max-width: 1600px) 100vw, 1600px\" \/><\/div><div class=\"uicore-bl-block wp-block-uicore-wrapper\"><h5 class=\"uicore-bl-block wp-block-uicore-card-title uicore-bl-title uicore-bl-content\">Flughafen Nikola Tesla<\/h5><p class=\"uicore-bl-block wp-block-uicore-card-info uicore-bl-content\">Mietwagen Flughafen Belgrad<\/p><\/div><\/div><\/div>\n<\/div><\/section>\n","protected":false},"excerpt":{"rendered":"","protected":false},"author":4,"featured_media":0,"parent":0,"menu_order":0,"comment_status":"closed","ping_status":"closed","template":"","meta":{"_uicore_block_fonts":"","footnotes":""},"class_list":["post-6873","page","type-page","status-publish","hentry"],"_links":{"self":[{"href":"https:\/\/nisrentacar.rs\/de\/wp-json\/wp\/v2\/pages\/6873","targetHints":{"allow":["GET"]}}],"collection":[{"href":"https:\/\/nisrentacar.rs\/de\/wp-json\/wp\/v2\/pages"}],"about":[{"href":"https:\/\/nisrentacar.rs\/de\/wp-json\/wp\/v2\/types\/page"}],"author":[{"embeddable":true,"href":"https:\/\/nisrentacar.rs\/de\/wp-json\/wp\/v2\/users\/4"}],"replies":[{"embeddable":true,"href":"https:\/\/nisrentacar.rs\/de\/wp-json\/wp\/v2\/comments?post=6873"}],"version-history":[{"count":17,"href":"https:\/\/nisrentacar.rs\/de\/wp-json\/wp\/v2\/pages\/6873\/revisions"}],"predecessor-version":[{"id":7719,"href":"https:\/\/nisrentacar.rs\/de\/wp-json\/wp\/v2\/pages\/6873\/revisions\/7719"}],"wp:attachment":[{"href":"https:\/\/nisrentacar.rs\/de\/wp-json\/wp\/v2\/media?parent=6873"}],"curies":[{"name":"wp","href":"https:\/\/api.w.org\/{rel}","templated":true}]}}